{"id":481,"date":"2020-06-02T09:21:36","date_gmt":"2020-06-02T09:21:36","guid":{"rendered":"https:\/\/bercetessoucis.be\/?page_id=481"},"modified":"2020-08-20T06:49:56","modified_gmt":"2020-08-20T06:49:56","slug":"franck-vandenbrouck","status":"publish","type":"page","link":"https:\/\/bercetessoucis.be\/?page_id=481","title":{"rendered":"Franck Vandenbrouck 24 &#038; 25 octobre 2020"},"content":{"rendered":"<h2><\/h2>\n<h2 style=\"text-align: center;\"><span style=\"color: #ff0000;\">SUITE AUX DECISIONS GOUVERNEMENTALES DE DURCIR LES CONTROLES ENTRE LA FRANCE ET LA BELGIQUE, NOUS AVONS DU, EN CONCERTATION AVEC FRANCK VANDENBROUCK, PRENDRE LA DECISION DE REPORTER CETTE FORMATION. NOUS VOUS TIENDRONS AU COURANT DES PROCHAINES DATES. <\/span><\/h2>\n<h2 style=\"text-align: center;\"><span style=\"color: #ff0000;\">MERCI DE VOTRE COMPREHENSION.<\/span><\/h2>\n<h2 style=\"text-align: center;\">Samedi 24 octobre<\/h2>\n<h1 style=\"text-align: center;\"><strong><span style=\"color: #993366;\">Atelier Renaissance<\/span><\/strong><\/h1>\n<h2 style=\"text-align: center;\">Dis-moi<span class=\"Apple-converted-space\">\u00a0<\/span>comment tu es n\u00e9(e) et<span class=\"Apple-converted-space\">\u00a0<\/span><\/h2>\n<h2 style=\"text-align: center;\">je te dirais Qui tu ES\u2026<\/h2>\n<p>Le f\u0153tus est une m\u00e9moire vive. Vous avez enregistr\u00e9 dans votre inconscient durant ces 9 mois de synchronie avec votre m\u00e8re et durant le rite de la naissance des \u00e9motions n\u00e9gatives et limitantes qui vous influencent d\u2019une fa\u00e7on inconsciente dans votre vie actuelle.<a href=\"https:\/\/bercetessoucis.be\/wp-content\/uploads\/2020\/06\/Franck-visage.jpeg\"><img loading=\"lazy\" class=\"alignleft size-full wp-image-530\" src=\"https:\/\/bercetessoucis.be\/wp-content\/uploads\/2020\/06\/Franck-visage.jpeg\" alt=\"\" width=\"225\" height=\"225\" \/><\/a><\/p>\n<p>Durant cet atelier vous allez enfin les conscientiser, en prendre connaissance, les d\u00e9couvrir en mettant des mots sur vos maux et les transcender en \u00e9motions constructives et positives pour rendre votre existence optimum et plus fluide.<\/p>\n<ul>\n<li>9 H 00 \u00e0 10 h 00 : Pr\u00e9sentation et M\u00e9ditation Mudra.<\/li>\n<li>10 H 00 \u00e0 12 h 00 : Conf\u00e9rence et questions-r\u00e9ponses sur<\/li>\n<\/ul>\n<ol>\n<li>Comment se d\u00e9roule pour votre \u00e2me le choix de vos parents avant de s\u2019incarner ?<\/li>\n<li>Qu\u2019est ce que la Matrice \u00c9nerg\u00e9tique ?<\/li>\n<li>Quelles sont les \u00e9tapes Holistiques de la naissance pour la m\u00e8re ?<\/li>\n<li>Quelles sont les \u00e9tapes spirituelles mois par mois durant la grossesse pour votre \u00e2me ?<span style=\"font-size: 1rem;\">\u00a0<\/span><\/li>\n<\/ol>\n<ul>\n<li>12 h 00 \u00e0 13 h 00 : Pause d\u00e9jeuner.<\/li>\n<li>13 h 00 \u00e0 15 h 00 : S\u00e9ance de Renaissance \u00e0 Soi m\u2019Aime et feed-back individuel.<\/li>\n<li>16 h 00 \u00e0 17 h 00 :\n<ol>\n<li>Analyse, compr\u00e9hension des \u00c9motions v\u00e9cues durant la renaissance.<\/li>\n<li>Mise en place du d\u00e9chargement des \u00e9motions n\u00e9gatives v\u00e9cues et reprogrammation du Nouvel \u00eatre positif et de votre potentiel.<\/li>\n<\/ol>\n<p>&nbsp;<\/li>\n<li>17 h 00 \u00e0 18 h 00 : M\u00e9ditation \u00e9nerg\u00e9tique soin des chakras.<\/li>\n<\/ul>\n<h2 style=\"text-align: center;\">Dimanche 25 octobre<\/h2>\n<h1 style=\"text-align: center;\"><span style=\"color: #993366;\">Atelier l\u2019Enfant Int\u00e9rieur<\/span><\/h1>\n<h2 style=\"text-align: center;\">Ne laissez pas votre Enfant int\u00e9rieur dans la solitude.<\/h2>\n<p style=\"text-align: center;\">Vous r\u00e9alisez et connaissez l\u2019importance de la communication bienveillante dans vos activit\u00e9s terrestres, sociales, sentimentales, professionnelles\u2026<span class=\"Apple-converted-space\">\u00a0<\/span><\/p>\n<p>Et pourtant, vis-\u00e0-vis de vous-m\u00eame, vous ne l\u2019appliquez pas.<\/p>\n<p>Quand est-ce la derni\u00e8re fois que vous avez dialoguez avec Amour et Compassion avec votre Enfant int\u00e9rieur ?<span class=\"Apple-converted-space\">\u00a0<a href=\"https:\/\/bercetessoucis.be\/wp-content\/uploads\/2020\/06\/Franck-image-renaitre.png\"><img loading=\"lazy\" class=\"size-medium wp-image-529 alignright\" src=\"https:\/\/bercetessoucis.be\/wp-content\/uploads\/2020\/06\/Franck-image-renaitre-293x300.png\" alt=\"\" width=\"293\" height=\"300\" srcset=\"https:\/\/bercetessoucis.be\/wp-content\/uploads\/2020\/06\/Franck-image-renaitre-293x300.png 293w, https:\/\/bercetessoucis.be\/wp-content\/uploads\/2020\/06\/Franck-image-renaitre.png 394w\" sizes=\"(max-width: 293px) 100vw, 293px\" \/><\/a><\/span><\/p>\n<p>Et le dernier c\u00e2lin de douceur vis-\u00e0-vis de vous ?<\/p>\n<p>N\u2019oubliez jamais : votre monde ext\u00e9rieur est le reflet de votre monde int\u00e9rieur.<span class=\"Apple-converted-space\">\u00a0<\/span><\/p>\n<ol>\n<li>Comment accepter et aimer l\u2019Univers autour de vous, si vous ne parlez pas avec Amour \u00e0 votre int\u00e9riorit\u00e9.<span class=\"Apple-converted-space\">\u00a0<\/span>L\u2019 Enfant Int\u00e9rieur est toujours l\u00e0, pr\u00e9sent \u00e0 chaque souffle de notre existence.Nous connaissons tous des p\u00e9riodes difficiles dans notre vie, et beaucoup d\u2019entre nous ont \u00e9t\u00e9 perturb\u00e9s \u00e0 divers degr\u00e9s durant l\u2019enfance.<span class=\"Apple-converted-space\">\u00a0<\/span>Et nous pouvons passer des ann\u00e9es et des ann\u00e9es \u00e0 n\u00e9gliger notre Enfant Int\u00e9rieur bless\u00e9 et \u00e0 le laisser dans cette souffrance.Commandant de vos \u00e9tats d\u2019\u00e2me et de votre fa\u00e7on de penser et d\u2019agir, venez d\u00e9couvrir comment il fonctionne, comment il influence la qualit\u00e9 de votre existence et les moyens pour le rendre heureux et \u00e9panoui \u00e9motionnellement.Durant cette journ\u00e9e vous allez :\n<ul>\n<li>Apprendre des techniques simples pour parler de nouveau dans l\u2019Amour, la compassion et la bienveillance avec vous-m\u00eame<\/li>\n<li>vous reconnecter progressivement avec votre enfant int\u00e9rieur jusqu\u2019\u00e0 un niveau souvent jamais atteint.<\/li>\n<li>vous allez vivre l\u2019exp\u00e9rience unique de rencontrer votre enfant int\u00e9rieur sous hypnose.<\/li>\n<li>Meditation de soin de paix, d\u2019harmonie et de purification des enfants int\u00e9rieurs de vos Anc\u00eatres dans votre m\u00e9moire cellulaire.<\/li>\n<\/ul>\n<\/li>\n<\/ol>\n<p><a href=\"https:\/\/franck-angel-therapy.com\/blog\/temoignage-atelier-rebirth-re-naissance-et-enfant-interieur\/\">lien<\/a> vers le site de Franck<\/p>\n<p><a href=\"https:\/\/youtu.be\/DCxo4SrVwuA\">lien<\/a> vers une interview de pr\u00e9sentation de cette atelier<\/p>\n<h1 style=\"text-align: center;\"><span style=\"color: #993366;\">Lieu de formation<\/span><\/h1>\n<p><a href=\"https:\/\/bercetessoucis.be\/wp-content\/uploads\/2020\/06\/la-grange.png\"><img loading=\"lazy\" class=\"alignleft size-medium wp-image-540\" src=\"https:\/\/bercetessoucis.be\/wp-content\/uploads\/2020\/06\/la-grange-300x116.png\" alt=\"\" width=\"300\" height=\"116\" \/><\/a><\/p>\n<p>\u00e0 La Grange d\u2019Isabelle et Vincent<\/p>\n<p>cour de Justice 15<\/p>\n<p>4600 Richelle<\/p>\n<h1 style=\"text-align: center;\"><span style=\"color: #993366;\">Inscription \u00e0 la formation<\/span><\/h1>\n<p><strong>Veuillez transmettre<\/strong> \u00e0 l&rsquo;adresse mail <a href=\"mailto:bercetessoucis@gmail.com\">bercetessoucis@gmail.com<\/a>, vos Nom, Pr\u00e9nom, adresse, t\u00e9l\u00e9phone et formule (avec ou sans repas de midi)<\/p>\n<p>Le co\u00fbt de la formation avec les pauses et les repas de midi concoct\u00e9s par notre h\u00f4te est de \u00a0298\u20ac.<\/p>\n<p>Le co\u00fbt de la formation avec les pauses seules est de 280\u20ac. Faute d&rsquo;information sur votre choix entre les deux formules, celle \u00e0 298\u20ac sera privil\u00e9gi\u00e9e. Merci pour votre compr\u00e9hension.<\/p>\n<p><strong>Veuillez verser<\/strong> un acompte de 100\u20ac sur le compte BE88 3771 1780 6941 de Berce tes Soucis pour vous inscrire. Et verser le solde avant la formation.<\/p>\n<p>&nbsp;<\/p>\n<h1 style=\"text-align: center;\"><span style=\"color: #993366;\">Organisatrices<\/span><\/h1>\n<p>Pour des informations compl\u00e9mentaires:<\/p>\n<p>Marie-Th\u00e9r\u00e8se Diet<span class=\"Apple-converted-space\">\u00a0 \u00a0 \u00a0 <\/span>&amp;<span class=\"Apple-converted-space\">\u00a0 \u00a0 \u00a0 <\/span>Marina Geraerds<\/p>\n<p>0473 45 98 32 <span class=\"Apple-converted-space\">\u00a0 \u00a0 \u00a0 \u00a0 \u00a0 \u00a0 \u00a0 \u00a0 \u00a0 \u00a0 \u00a0 <\/span>0490 11 32 40<\/p>\n","protected":false},"excerpt":{"rendered":"<p>SUITE AUX DECISIONS GOUVERNEMENTALES DE DURCIR LES CONTROLES ENTRE LA FRANCE ET LA BELGIQUE, NOUS AVONS DU, EN CONCERTATION AVEC FRANCK VANDENBROUCK, PRENDRE LA DECISION DE REPORTER CETTE FORMATION. NOUS VOUS TIENDRONS AU COURANT DES PROCHAINES DATES. MERCI DE VOTRE COMPREHENSION. Samedi 24 octobre Atelier Renaissance Dis-moi\u00a0comment tu es n\u00e9(e) et\u00a0 je te dirais Qui [&hellip;]<\/p>\n","protected":false},"author":1,"featured_media":0,"parent":0,"menu_order":0,"comment_status":"closed","ping_status":"closed","template":"","meta":[],"_links":{"self":[{"href":"https:\/\/bercetessoucis.be\/index.php?rest_route=\/wp\/v2\/pages\/481"}],"collection":[{"href":"https:\/\/bercetessoucis.be\/index.php?rest_route=\/wp\/v2\/pages"}],"about":[{"href":"https:\/\/bercetessoucis.be\/index.php?rest_route=\/wp\/v2\/types\/page"}],"author":[{"embeddable":true,"href":"https:\/\/bercetessoucis.be\/index.php?rest_route=\/wp\/v2\/users\/1"}],"replies":[{"embeddable":true,"href":"https:\/\/bercetessoucis.be\/index.php?rest_route=%2Fwp%2Fv2%2Fcomments&post=481"}],"version-history":[{"count":16,"href":"https:\/\/bercetessoucis.be\/index.php?rest_route=\/wp\/v2\/pages\/481\/revisions"}],"predecessor-version":[{"id":572,"href":"https:\/\/bercetessoucis.be\/index.php?rest_route=\/wp\/v2\/pages\/481\/revisions\/572"}],"wp:attachment":[{"href":"https:\/\/bercetessoucis.be\/index.php?rest_route=%2Fwp%2Fv2%2Fmedia&parent=481"}],"curies":[{"name":"wp","href":"https:\/\/api.w.org\/{rel}","templated":true}]}}